{"id":2901,"date":"2014-11-03T09:12:49","date_gmt":"2014-11-03T07:12:49","guid":{"rendered":"http:\/\/baba.org.pl\/?page_id=2901"},"modified":"2019-12-31T14:14:17","modified_gmt":"2019-12-31T12:14:17","slug":"edukacja-prawna-mlodziezy","status":"publish","type":"page","link":"https:\/\/baba.org.pl\/index.php\/programy\/edukacja-prawna-mlodziezy\/","title":{"rendered":"Edukacja prawna dzieci i m\u0142odzie\u017cy"},"content":{"rendered":"<p style=\"text-align: justify;\"><strong>Projekt&nbsp;<span style=\"background-color:#FFA07A;\">&quot;Bezpieczni dzi\u015b, bezpieczni jutro&quot;<\/span>&nbsp;<\/strong>realizowany w 2019 r., jest kolejnym naszym projektem wsp&oacute;\u0142finansowanym przez Miasto Zielona G&oacute;ra, ukierunkowanym na przeciwdzia\u0142anie patologiom i wykluczeniom spo\u0142ecznym zwi\u0105zanych z podejmowaniem ryzykownych lub nieakceptowalnych spo\u0142ecznie zachowa\u0144 oraz kolejnym etapem wzmacniania poczucia bezpiecze\u0144stwa zielonog&oacute;rskich dzieci, m\u0142odzie\u017cy i rodzin oraz kompetencji zielonog&oacute;rskich nauczycieli i pracownik&oacute;w szk&oacute;\u0142.&nbsp;<\/p>\n<p><a href=\"http:\/\/baba.org.pl\/wp-content\/uploads\/2018\/01\/01.jpg\" data-lightbox=\"gal[2901]\"><img loading=\"lazy\" decoding=\"async\" alt=\"\" class=\"alignleft size-medium wp-image-5040\" height=\"300\" src=\"http:\/\/baba.org.pl\/wp-content\/uploads\/2018\/01\/01-300x300.jpg\" width=\"300\" srcset=\"https:\/\/baba.org.pl\/wp-content\/uploads\/2018\/01\/01-300x300.jpg 300w, https:\/\/baba.org.pl\/wp-content\/uploads\/2018\/01\/01-1024x1024.jpg 1024w, https:\/\/baba.org.pl\/wp-content\/uploads\/2018\/01\/01-150x150.jpg 150w, https:\/\/baba.org.pl\/wp-content\/uploads\/2018\/01\/01-768x768.jpg 768w, https:\/\/baba.org.pl\/wp-content\/uploads\/2018\/01\/01-100x100.jpg 100w, https:\/\/baba.org.pl\/wp-content\/uploads\/2018\/01\/01-200x200.jpg 200w, https:\/\/baba.org.pl\/wp-content\/uploads\/2018\/01\/01.jpg 1292w\" sizes=\"auto, (max-width: 300px) 100vw, 300px\" \/><\/a><\/p>\n<p style=\"text-align: justify;\"><strong><u>Cele projektu:<\/u><\/strong><\/p>\n<p style=\"text-align: justify;\">1) poszerzenie wiedzy prawno-psychologiczno-spo\u0142ecznej na temat r&oacute;\u017cnych aspekt&oacute;w sytuacji rodziny i osoby niepe\u0142noletniej w kryzysie spowodowanym nadu\u017cywaniem alkoholu i mo\u017cliwo\u015bci uzyskania pomocy i wsparcia przez osoby i rodziny dotkni\u0119te tym problemem w Zielonej G&oacute;rze;<\/p>\n<p style=\"text-align: justify;\">2) zmiana \u015bwiadomo\u015bci i postaw obywateli miasta wobec sytuacji kryzysu w relacjach rodzinnych spowodowanych nadu\u017cywaniem alkoholu przez doros\u0142ego cz\u0142onka rodziny lub spo\u017cywaniem alkoholu przez dziecko;<\/p>\n<p style=\"text-align: justify;\">3) zapobie\u017cenie negatywnym skutkom kryzysu w rodzinie oraz przemocy w rodzinie spowodowanego nadu\u017cywaniem alkoholu przez cz\u0142onka rodziny;<\/p>\n<p style=\"text-align: justify;\"><a href=\"http:\/\/baba.org.pl\/wp-content\/uploads\/2018\/01\/011.jpg\" data-lightbox=\"gal[2901]\"><img loading=\"lazy\" decoding=\"async\" alt=\"\" class=\"alignleft size-medium wp-image-5039\" height=\"300\" src=\"http:\/\/baba.org.pl\/wp-content\/uploads\/2018\/01\/011-208x300.jpg\" width=\"208\" srcset=\"https:\/\/baba.org.pl\/wp-content\/uploads\/2018\/01\/011-208x300.jpg 208w, https:\/\/baba.org.pl\/wp-content\/uploads\/2018\/01\/011-710x1024.jpg 710w, https:\/\/baba.org.pl\/wp-content\/uploads\/2018\/01\/011-104x150.jpg 104w, https:\/\/baba.org.pl\/wp-content\/uploads\/2018\/01\/011-768x1107.jpg 768w, https:\/\/baba.org.pl\/wp-content\/uploads\/2018\/01\/011-1065x1536.jpg 1065w, https:\/\/baba.org.pl\/wp-content\/uploads\/2018\/01\/011-1420x2048.jpg 1420w, https:\/\/baba.org.pl\/wp-content\/uploads\/2018\/01\/011.jpg 1570w\" sizes=\"auto, (max-width: 208px) 100vw, 208px\" \/><\/a>4) zapobie\u017cenie negatywnym skutkom spo\u017cywania alkoholu przez dzieci i m\u0142odzie\u017c dla ich zdrowia teraz, w przysz\u0142o\u015bci i dla ich bezpiecze\u0144stwa osobistego;<\/p>\n<p style=\"text-align: justify;\">5) wzmocnienie abstynenckich postaw i zachowa\u0144 w\u015br&oacute;d dzieci i m\u0142odzie\u017cy.<\/p>\n<p style=\"text-align: justify;\">6) podniesienie kwalifikacji zawodowych nauczycieli w obszarze profilaktyki i rozwi\u0105zywania problem&oacute;w alkoholowych<\/p>\n<p style=\"text-align: justify;\"><strong>Od 2017 r. realizujemy r&oacute;wnie\u017c projekt <span style=\"background-color:#FFA07A;\">&quot;Dzieci\u0144stwo, mlodo\u015b\u0107 bezpiecze\u0144stwo i wzajemna troska&quot;<\/span> <\/strong>adresowany do dzieci i m\u0142odzie\u017cy szkolnej a tak\u017ce pedagog&oacute;w i rodzic&oacute;w. <strong><span style=\"background-color:#FFA500;\">W&nbsp;2019 r. realizujemy III edycj\u0119 projektu.<\/span><\/strong>&nbsp;spotkania edukacyjne z dzie\u0107mi, m\u0142odzie\u017c\u0105, pedagogami i rodzicami &nbsp;w szko\u0142ach wszystkich szczebli edukacyjnych, dot. tematyki antyprzemocowej, antydyskriminacyjnej, profilaktyki niebezpiecznych zachowa\u0144 &ndash; projekt dofinansowany ze \u015brodk&oacute;w Miasta Zielona G&oacute;ra.&nbsp;<\/p>\n<p style=\"text-align: justify;\"><strong>Projekt &bdquo;Dzieci\u0144stwo, m\u0142odo\u015b\u0107, bezpiecze\u0144stwo i wzajemna troska&nbsp;III&quot; <\/strong>jest kolejnym etapem wzmacniania poczucia bezpiecze\u0144stwa zielonog&oacute;rskich dzieci, m\u0142odzie\u017cy i rodzin oraz kompetencji zielonog&oacute;rskich nauczycieli i pracownik&oacute;w szk&oacute;\u0142. W roku 2017 projekt obejmowa\u0142 organizacj\u0119 warsztat&oacute;w, pogadanek i wyk\u0142ad&oacute;w przeciwprzemocowych z elementami wiedzy prawnej dla dzieci i m\u0142odzie\u017cy z zielonog&oacute;rskich szk&oacute;\u0142 ka\u017cdego poziomu nauczania oraz doros\u0142ych: nauczycieli i rodzic&oacute;w. Skupi\u0142y\u015bmy si\u0119 na przemocy domowej i cyberprzemocy. W drugiej edycji projektu sfokusowano si\u0119 na przemocy seksualnej ze strony doros\u0142ych i r&oacute;wie\u015bnik&oacute;w, a w cz\u0119\u015bci adresowanej<\/p>\n<p style=\"text-align: justify;\">do nauczycieli i pedagog&oacute;w szkolnych na wzmocnieniu <a href=\"http:\/\/baba.org.pl\/wp-content\/uploads\/2018\/01\/04.jpg\" data-lightbox=\"gal[2901]\"><img loading=\"lazy\" decoding=\"async\" alt=\"\" class=\"alignleft size-medium wp-image-5043\" height=\"300\" src=\"http:\/\/baba.org.pl\/wp-content\/uploads\/2018\/01\/04-300x300.jpg\" width=\"300\" srcset=\"https:\/\/baba.org.pl\/wp-content\/uploads\/2018\/01\/04-300x300.jpg 300w, https:\/\/baba.org.pl\/wp-content\/uploads\/2018\/01\/04-1024x1024.jpg 1024w, https:\/\/baba.org.pl\/wp-content\/uploads\/2018\/01\/04-150x150.jpg 150w, https:\/\/baba.org.pl\/wp-content\/uploads\/2018\/01\/04-768x768.jpg 768w, https:\/\/baba.org.pl\/wp-content\/uploads\/2018\/01\/04-100x100.jpg 100w, https:\/\/baba.org.pl\/wp-content\/uploads\/2018\/01\/04-200x200.jpg 200w, https:\/\/baba.org.pl\/wp-content\/uploads\/2018\/01\/04.jpg 1263w\" sizes=\"auto, (max-width: 300px) 100vw, 300px\" \/><\/a>ich kompetencji interwencyjno-pomocowych. Dla dzieci i m\u0142odzie\u017cy poza spotkaniami i warsztatami przygotowano ulotki, dla nauczycieli poradniki w formie<strong> <\/strong>broszur.&nbsp;<br \/>\n\tW III edycji projektu chcemy przeciwdzia\u0142a\u0107 agresji motywowanej nienawi\u015bci\u0105, dyskryminacj\u0105, hejtem, uprzedzeniami i brakiem umiej\u0119tno\u015bci pow\u015bci\u0105gania negatywnych emocji. Kluczowe zatem b\u0119dzie ofiarowanie m\u0142odzie\u017cy i nauczycielom narz\u0119dzi mediacyjnych i facylitacyjnych. &nbsp;W ostatnim roku sformu\u0142owanie: mowa nienawi\u015bci, odmieniane by\u0142o bardzo cz\u0119sto z wielu przyczyn, ale r&oacute;wnie cz\u0119sto okazywa\u0142o si\u0119, \u017ce wi\u0119kszo\u015b\u0107 u\u017cywaj\u0105cych sformu\u0142owania nie rozumie jego znaczenia. De facto wszystkim nam raczej chodzi\u0142o o agresj\u0119 w relacjach mi\u0119dzyludzkich i nieumiej\u0119tno\u015b\u0107 prowadzenia debaty bez przemocy j\u0119zykowej i nienawi\u015bci.<\/p>\n<p style=\"text-align: justify;\">Zaj\u0119cia poprowadz\u0105 mediator, prawnik, trener z przygotowaniem pedagogicznym, psycholog, pedagog, w zale\u017cno\u015bci od zdiagnozowanych wcze\u015bniej potrzeb.<\/p>\n<p style=\"text-align: justify;\">&nbsp;<\/p>\n<p>&nbsp;<\/p>\n<p><a href=\"http:\/\/babazg.home.pl\/autoinstalator\/wordpress\/wp-content\/uploads\/2014\/11\/plalakt-MPMP-IV.jpg\" data-lightbox=\"gal[2901]\"><img loading=\"lazy\" decoding=\"async\" alt=\"\" class=\"alignleft size-medium wp-image-5372\" height=\"300\" src=\"http:\/\/babazg.home.pl\/autoinstalator\/wordpress\/wp-content\/uploads\/2014\/11\/plalakt-MPMP-IV-212x300.jpg\" width=\"212\" srcset=\"https:\/\/baba.org.pl\/wp-content\/uploads\/2014\/11\/plalakt-MPMP-IV-212x300.jpg 212w, https:\/\/baba.org.pl\/wp-content\/uploads\/2014\/11\/plalakt-MPMP-IV-724x1024.jpg 724w, https:\/\/baba.org.pl\/wp-content\/uploads\/2014\/11\/plalakt-MPMP-IV-106x150.jpg 106w, https:\/\/baba.org.pl\/wp-content\/uploads\/2014\/11\/plalakt-MPMP-IV-768x1086.jpg 768w, https:\/\/baba.org.pl\/wp-content\/uploads\/2014\/11\/plalakt-MPMP-IV-1086x1536.jpg 1086w, https:\/\/baba.org.pl\/wp-content\/uploads\/2014\/11\/plalakt-MPMP-IV.jpg 1253w\" sizes=\"auto, (max-width: 212px) 100vw, 212px\" \/><\/a><\/p>\n<p><strong>Od 2014 r. realizujemy projekt<span style=\"background-color:#FFA07A;\"> &quot;Mamy prawo, mamy prawa&quot;<\/span> <\/strong>adresowany do dzieci i m\u0142odzie\u017cy szkolnej w Zielonej G&oacute;rze.<\/p>\n<p><strong><span style=\"background-color:#FF8C00;\">W 2019&nbsp;r. realizujemy V edycj\u0119 projektu.<\/span><\/strong>&nbsp;W przyst\u0119pnej, warsztatowej formule omawiamy poj\u0119cie obywatelsko\u015bci, niepodleglo\u015bci i wolno\u015bci. To nasz wk\u0142ad w obchody 100-lecia odzyskania niepodleg\u0142o\u015bci&nbsp; przez Polsk\u0119. T\u0142umaczymy wi\u0119c, jak prawo s\u0142u\u017cy wolnosci pa\u0144stwa i wolnosciom osobistym ka\u017cdej obywatelki i ka\u017cdego obywatela. M&oacute;wimy te\u017c, czym jest prawo mi\u0119dzynarodowe, jak si\u0119&nbsp;je tworzy i czemu s\u0142u\u017cy.&nbsp; Zn&oacute;w m&oacute;wimy o Konstytucji. T\u0142umaczymy, po co s\u0105 miezynarodowe trybuna\u0142y, czym jest arbitra\u017c. Dlaczego w sensie prawnym, zaden kraj nie jest samotn\u0105 wysp\u0105 na mapie \u015bwiata.&nbsp; I oczywiscie m&oacute;wimy te\u017c, jak prawo mi\u0119dzynarodowe chroni dzieci.&nbsp;<\/p>\n<p><a href=\"http:\/\/baba.org.pl\/wp-content\/uploads\/2019\/12\/plakat-MPMP-2019-1.jpg\" data-lightbox=\"gal[2901]\"><img loading=\"lazy\" decoding=\"async\" alt=\"\" class=\"alignleft size-medium wp-image-5372\" height=\"300\" src=\"http:\/\/baba.org.pl\/wp-content\/uploads\/2019\/12\/plakat-MPMP-2019-1.jpg\" width=\"212\" \/><\/a><\/p>\n<p style=\"text-align: justify;\">I jak zwykle: t\u0142umaczymy&nbsp;podstawowe definicje&nbsp;prawne: (zdolno\u015b\u0107 prawna, zdolno\u015b\u0107 do czynno\u015bci prawnych, sytuacja prawna w \u015bwietle prawa os&oacute;b w r&oacute;\u017cnych przedzia\u0142ach wiekowych w \u015bwietle prawa cywilnego i karnego), organy w\u0142adzy s\u0105downiczej (wymiaru sprawiedliwo\u015bci) &ndash; s\u0105dy, prokuratury, policja, zesp&oacute;\u0142 kuratorskiej s\u0142u\u017cby s\u0105dowej, instancyjno\u015b\u0107 wymiaru sprawiedliwo\u015bci, s\u0105dy szczeg&oacute;lne,&nbsp;rol\u0119&nbsp;zawod&oacute;w prawniczych: prokurator, s\u0119dzia adwokat, radca prawny &ndash; w \u015bwietle wymiaru sprawiedliwo\u015bci, rola Wydzia\u0142u Rodzinnego i Nieletnich, w tym: udzielanie ochrony prawnej, odpowiedzialno\u015b\u0107 karna nieletnich, a tak\u017ce techniki mediacyjne. Omawiamy wp\u0142yw Konstytucji na \u017cycie ka\u017cdego obywatela, w tym na \u017cycie obywatela jeszcze niedoros\u0142ego.&nbsp;&nbsp;Nie unikamy &nbsp;omawiania kwestii bezpiecze\u0144stwa dzieci i m\u0142odzie\u017cy od przemocy, tak\u017ce cyberprzemocy oraz przemocy seksualnej. Ka\u017cde zaj\u0119cia prowadz\u0105 prawniczka i edukatorka.<\/p>\n<p style=\"text-align: justify;\">&nbsp;Zakres wiedzy jest dostosowany do poziomu percepcji dzieci i m\u0142odzie\u017cy i ich indywidualnych potrzeb oraz omawiamy&nbsp; wcze\u015bniej z gronem pedagogicznym, by dopasowa\u0107 nasze zaj\u0119cia do potrzeb grupy.&nbsp;&nbsp;Mniejsze dzieci dowiedz\u0105 si\u0119 m.in.&nbsp; gdzie mog\u0105 szuka\u0107 pomocy, gimnazjali\u015bci poznaj\u0105 tematyk\u0119&nbsp;obywatelsk\u0105, &nbsp;liceali\u015bci naucz\u0105&nbsp;si\u0119, w jaki spos&oacute;b rozwi\u0105zywa\u0107&nbsp; konflikty, wykorzystuj\u0105c techniki mediacyjne.&nbsp;&nbsp;&nbsp; &nbsp; &nbsp; &nbsp; &nbsp; &nbsp; &nbsp; &nbsp; &nbsp; &nbsp; &nbsp; &nbsp; &nbsp; &nbsp;<\/p>\n<p><a href=\"http:\/\/babazg.home.pl\/autoinstalator\/wordpress\/wp-content\/uploads\/2017\/09\/e-plalakt.jpg\" data-lightbox=\"gal[2901]\"><img loading=\"lazy\" decoding=\"async\" alt=\"\" class=\"alignleft size-medium wp-image-4848\" height=\"300\" src=\"http:\/\/babazg.home.pl\/autoinstalator\/wordpress\/wp-content\/uploads\/2017\/09\/e-plalakt-212x300.jpg\" width=\"180\" \/><\/a><\/p>\n<p><a href=\"http:\/\/babazg.home.pl\/autoinstalator\/wordpress\/wp-content\/uploads\/2014\/11\/BABA_PLAKAT_mamy_prawo.jpg\" data-lightbox=\"gal[2901]\"><img loading=\"lazy\" decoding=\"async\" alt=\"\" class=\"alignleft size-medium wp-image-2902\" height=\"300\" src=\"http:\/\/babazg.home.pl\/autoinstalator\/wordpress\/wp-content\/uploads\/2014\/11\/BABA_PLAKAT_mamy_prawo-212x300.jpg\" width=\"180\" \/><\/a><br \/>\n<a href=\"http:\/\/babazg.home.pl\/autoinstalator\/wordpress\/wp-content\/uploads\/2014\/11\/BABA_PLAKAT_mamy_prawo_2015-1.jpg\" data-lightbox=\"gal[2901]\"><img loading=\"lazy\" decoding=\"async\" alt=\"BABA_PLAKAT_mamy_prawo_2015 (1)\" class=\"alignleft size-medium wp-image-3274\" height=\"300\" src=\"http:\/\/babazg.home.pl\/autoinstalator\/wordpress\/wp-content\/uploads\/2014\/11\/BABA_PLAKAT_mamy_prawo_2015-1-212x300.jpg\" width=\"180\" \/><\/a><\/p>\n<p>&nbsp;<\/p>\n<p>&nbsp;<\/p>\n<p>&nbsp;<\/p>\n<p>&nbsp;<\/p>\n<p>&nbsp;<\/p>\n<p>&nbsp;<\/p>\n<p>&nbsp;<\/p>\n<p>&nbsp;<\/p>\n<p>&nbsp;<\/p>\n<p>&nbsp;<\/p>\n<p>&nbsp;<\/p>\n<p><strong><span style=\"background-color:#FFA500;\">W 2019&nbsp;roku zaczynamy&nbsp;ju\u017c w maju i szkolimy z przerw\u0105 wakacyjn\u0105 a\u017c do grudnia 2019.<\/span>&nbsp;<\/strong><\/p>\n<p><strong>Zainteresowane szko\u0142y prosimy o kontakt z BAB\u0104 : email:&nbsp;baba@baba.org.pl lub pod tel. 661 842 501<\/strong><\/p>\n<p><a href=\"http:\/\/babazg.home.pl\/autoinstalator\/wordpress\/wp-content\/uploads\/2011\/09\/logotype.gif\" data-lightbox=\"gal[2901]\"><img loading=\"lazy\" decoding=\"async\" alt=\"logo Zielona Gora Urzad Miasta\" class=\"alignleft size-full wp-image-386\" height=\"118\" src=\"http:\/\/babazg.home.pl\/autoinstalator\/wordpress\/wp-content\/uploads\/2011\/09\/logotype.gif\" width=\"260\" \/><\/a><\/p>\n<p><strong>WSZYSTKIE PROJEKTY EDUKACYJNE&nbsp; ZOSTA\u0141Y DOFINANSOWANE PRZEZ MIASTO ZIELONA G&Oacute;RA&nbsp;w ramach realizacji zada\u0144 publicznych.<\/strong><\/p>\n<p>&nbsp;<\/p>\n<p>&nbsp;<\/p>\n<p>&nbsp;<\/p>\n<p><strong>Rokrocznie jeste\u015bmy tak\u017ce obecne w Gorzowie Wielkopolskim podczas konferencji m\u0142odziezy po\u015bwi\u0119conej jej bezpiecze\u0144stwu. W czerwcu 2017 omawia\u0142y\u015bmy zagro\u017cenie cyberprzemoc\u0105 (<a href=\"http:\/\/babazg.home.pl\/autoinstalator\/wordpress\/wp-content\/uploads\/2017\/06\/gorz\u00f3w-czerwiec-2017.ppt\">pod linkiem prezentacja BABY<\/a>).&nbsp;<\/strong><\/p>\n<p><a href=\"http:\/\/babazg.home.pl\/autoinstalator\/wordpress\/wp-content\/uploads\/2016\/06\/g6.jpg\" data-lightbox=\"gal[2901]\"><img loading=\"lazy\" decoding=\"async\" alt=\"\" class=\"alignleft size-medium wp-image-4291\" height=\"200\" src=\"http:\/\/babazg.home.pl\/autoinstalator\/wordpress\/wp-content\/uploads\/2016\/06\/g6-300x200.jpg\" width=\"300\" srcset=\"https:\/\/baba.org.pl\/wp-content\/uploads\/2016\/06\/g6-300x200.jpg 300w, https:\/\/baba.org.pl\/wp-content\/uploads\/2016\/06\/g6-1024x683.jpg 1024w, https:\/\/baba.org.pl\/wp-content\/uploads\/2016\/06\/g6-150x100.jpg 150w, https:\/\/baba.org.pl\/wp-content\/uploads\/2016\/06\/g6-768x512.jpg 768w, https:\/\/baba.org.pl\/wp-content\/uploads\/2016\/06\/g6-1536x1024.jpg 1536w, https:\/\/baba.org.pl\/wp-content\/uploads\/2016\/06\/g6-2048x1365.jpg 2048w\" sizes=\"auto, (max-width: 300px) 100vw, 300px\" \/><\/a><a href=\"http:\/\/babazg.home.pl\/autoinstalator\/wordpress\/wp-content\/uploads\/2016\/06\/g2.jpg\" data-lightbox=\"gal[2901]\"><img loading=\"lazy\" decoding=\"async\" alt=\"\" class=\"alignleft size-medium wp-image-4294\" height=\"200\" src=\"http:\/\/babazg.home.pl\/autoinstalator\/wordpress\/wp-content\/uploads\/2016\/06\/g2-300x200.jpg\" width=\"300\" srcset=\"https:\/\/baba.org.pl\/wp-content\/uploads\/2016\/06\/g2-300x200.jpg 300w, https:\/\/baba.org.pl\/wp-content\/uploads\/2016\/06\/g2-1024x683.jpg 1024w, https:\/\/baba.org.pl\/wp-content\/uploads\/2016\/06\/g2-150x100.jpg 150w, https:\/\/baba.org.pl\/wp-content\/uploads\/2016\/06\/g2-768x512.jpg 768w, https:\/\/baba.org.pl\/wp-content\/uploads\/2016\/06\/g2-1536x1024.jpg 1536w, https:\/\/baba.org.pl\/wp-content\/uploads\/2016\/06\/g2-2048x1365.jpg 2048w\" sizes=\"auto, (max-width: 300px) 100vw, 300px\" \/><\/a><\/p>\n<p>&nbsp;<\/p>\n<p>&nbsp;<\/p>\n<p>&nbsp;<\/p>\n<p>&nbsp;<\/p>\n<p>&nbsp;<\/p>\n<p>&nbsp;<\/p>\n<p>&nbsp;<\/p>\n<p>&nbsp;<\/p>\n<p>&nbsp;<\/p>\n<p>&nbsp;<\/p>\n<p><a href=\"http:\/\/babazg.home.pl\/autoinstalator\/wordpress\/wp-content\/uploads\/2017\/10\/CYBERPRZEMOC_www.jpg\" data-lightbox=\"gal[2901]\" rel=\"\" target=\"\" title=\"\"><img loading=\"lazy\" decoding=\"async\" alt=\"\" height=\"170\" src=\"http:\/\/babazg.home.pl\/autoinstalator\/wordpress\/wp-content\/uploads\/2017\/10\/CYBERPRZEMOC_www-300x212.jpg\" title=\"\" width=\"240\" \/><\/a><a href=\"http:\/\/babazg.home.pl\/autoinstalator\/wordpress\/wp-content\/uploads\/2017\/10\/CYBERPRZEMOC_www2.jpg\" data-lightbox=\"gal[2901]\" rel=\"\" target=\"\" title=\"\"><img loading=\"lazy\" decoding=\"async\" alt=\"\" height=\"170\" src=\"http:\/\/babazg.home.pl\/autoinstalator\/wordpress\/wp-content\/uploads\/2017\/10\/CYBERPRZEMOC_www2-300x212.jpg\" title=\"\" width=\"240\" \/><\/a><\/p>\n<p><strong>Wrzucamy na stron\u0119 tak\u017ce 3 broszury przydatne nauczycielom, wystarczy klikn\u0105\u0107 w obrazek i otworzy sie tre\u015b\u0107:<\/strong><\/p>\n<p><a href=\"http:\/\/babazg.home.pl\/autoinstalator\/wordpress\/wp-content\/uploads\/2017\/10\/pomagam-s\u0301wiadomie_s\u0301rodek.pdf\"><img loading=\"lazy\" decoding=\"async\" alt=\"\" class=\"alignleft size-medium wp-image-4884\" height=\"168\" src=\"http:\/\/babazg.home.pl\/autoinstalator\/wordpress\/wp-content\/uploads\/2017\/10\/pomagam-s\u0301wiadomie_e-ok\u0142adka-213x300.jpg\" style=\"\" title=\"\" width=\"119\" srcset=\"https:\/\/baba.org.pl\/wp-content\/uploads\/2017\/10\/pomagam-s\u0301wiadomie_e-ok\u0142adka-213x300.jpg 213w, https:\/\/baba.org.pl\/wp-content\/uploads\/2017\/10\/pomagam-s\u0301wiadomie_e-ok\u0142adka-106x150.jpg 106w, https:\/\/baba.org.pl\/wp-content\/uploads\/2017\/10\/pomagam-s\u0301wiadomie_e-ok\u0142adka-768x1083.jpg 768w, https:\/\/baba.org.pl\/wp-content\/uploads\/2017\/10\/pomagam-s\u0301wiadomie_e-ok\u0142adka-726x1024.jpg 726w, https:\/\/baba.org.pl\/wp-content\/uploads\/2017\/10\/pomagam-s\u0301wiadomie_e-ok\u0142adka.jpg 1240w\" sizes=\"auto, (max-width: 119px) 100vw, 119px\" \/><\/a><\/p>\n<p><strong>&nbsp;<\/strong><a href=\"http:\/\/babazg.home.pl\/autoinstalator\/wordpress\/wp-content\/uploads\/2012\/10\/calosc_do_pdf_czarny.pdf\" rel=\"\" style=\"\" target=\"\" title=\"\"><img loading=\"lazy\" decoding=\"async\" alt=\"\" class=\"alignleft size-medium wp-image-1781\" height=\"180\" src=\"http:\/\/babazg.home.pl\/autoinstalator\/wordpress\/wp-content\/uploads\/2010\/11\/ok\u0142adka-pomAGAM-205x300.jpg\" style=\"\" title=\"\" width=\"123\" srcset=\"https:\/\/baba.org.pl\/wp-content\/uploads\/2010\/11\/ok\u0142adka-pomAGAM-205x300.jpg 205w, https:\/\/baba.org.pl\/wp-content\/uploads\/2010\/11\/ok\u0142adka-pomAGAM-103x150.jpg 103w, https:\/\/baba.org.pl\/wp-content\/uploads\/2010\/11\/ok\u0142adka-pomAGAM.jpg 617w\" sizes=\"auto, (max-width: 123px) 100vw, 123px\" \/><\/a><a href=\"http:\/\/babazg.home.pl\/autoinstalator\/wordpress\/wp-content\/uploads\/2017\/06\/Je\u015bli-dziecku-dzieje-si\u0119-krzywda-poradnik.pdf\" rel=\"\" style=\"\" target=\"\" title=\"\"><img loading=\"lazy\" decoding=\"async\" alt=\"\" class=\"alignleft size-medium wp-image-4759\" height=\"180\" src=\"http:\/\/babazg.home.pl\/autoinstalator\/wordpress\/wp-content\/uploads\/2017\/06\/Je\u015bli-ok\u0142adka.ocrpopr-212x300.jpg\" style=\"\" title=\"\" width=\"127\" srcset=\"https:\/\/baba.org.pl\/wp-content\/uploads\/2017\/06\/Je\u015bli-ok\u0142adka.ocrpopr-212x300.jpg 212w, https:\/\/baba.org.pl\/wp-content\/uploads\/2017\/06\/Je\u015bli-ok\u0142adka.ocrpopr-723x1024.jpg 723w, https:\/\/baba.org.pl\/wp-content\/uploads\/2017\/06\/Je\u015bli-ok\u0142adka.ocrpopr-106x150.jpg 106w, https:\/\/baba.org.pl\/wp-content\/uploads\/2017\/06\/Je\u015bli-ok\u0142adka.ocrpopr-768x1088.jpg 768w, https:\/\/baba.org.pl\/wp-content\/uploads\/2017\/06\/Je\u015bli-ok\u0142adka.ocrpopr.jpg 825w\" sizes=\"auto, (max-width: 127px) 100vw, 127px\" \/><\/a><\/p>\n","protected":false},"excerpt":{"rendered":"<p>Projekt&nbsp;&quot;Bezpieczni dzi\u015b, bezpieczni jutro&quot;&nbsp;realizowany w 2019 r., jest kolejnym naszym projektem wsp&oacute;\u0142finansowanym przez Miasto Zielona G&oacute;ra, ukierunkowanym na przeciwdzia\u0142anie patologiom i wykluczeniom spo\u0142ecznym zwi\u0105zanych z podejmowaniem ryzykownych lub nieakceptowalnych spo\u0142ecznie zachowa\u0144 oraz kolejnym etapem wzmacniania poczucia bezpiecze\u0144stwa zielonog&oacute;rskich dzieci, m\u0142odzie\u017cy i rodzin oraz kompetencji zielonog&oacute;rskich nauczycieli i pracownik&oacute;w szk&oacute;\u0142.&nbsp; Cele projektu: 1) poszerzenie wiedzy prawno-psychologiczno-spo\u0142ecznej [&hellip;]<\/p>\n","protected":false},"author":4,"featured_media":0,"parent":212,"menu_order":4,"comment_status":"closed","ping_status":"closed","template":"","meta":{"footnotes":""},"class_list":["post-2901","page","type-page","status-publish","hentry"],"_links":{"self":[{"href":"https:\/\/baba.org.pl\/index.php\/wp-json\/wp\/v2\/pages\/2901","targetHints":{"allow":["GET"]}}],"collection":[{"href":"https:\/\/baba.org.pl\/index.php\/wp-json\/wp\/v2\/pages"}],"about":[{"href":"https:\/\/baba.org.pl\/index.php\/wp-json\/wp\/v2\/types\/page"}],"author":[{"embeddable":true,"href":"https:\/\/baba.org.pl\/index.php\/wp-json\/wp\/v2\/users\/4"}],"replies":[{"embeddable":true,"href":"https:\/\/baba.org.pl\/index.php\/wp-json\/wp\/v2\/comments?post=2901"}],"version-history":[{"count":46,"href":"https:\/\/baba.org.pl\/index.php\/wp-json\/wp\/v2\/pages\/2901\/revisions"}],"predecessor-version":[{"id":6106,"href":"https:\/\/baba.org.pl\/index.php\/wp-json\/wp\/v2\/pages\/2901\/revisions\/6106"}],"up":[{"embeddable":true,"href":"https:\/\/baba.org.pl\/index.php\/wp-json\/wp\/v2\/pages\/212"}],"wp:attachment":[{"href":"https:\/\/baba.org.pl\/index.php\/wp-json\/wp\/v2\/media?parent=2901"}],"curies":[{"name":"wp","href":"https:\/\/api.w.org\/{rel}","templated":true}]}}